{"id":854,"date":"2020-06-01T11:22:54","date_gmt":"2020-06-01T09:22:54","guid":{"rendered":"https:\/\/www.restaurantbarquet.com\/?page_id=854"},"modified":"2024-09-05T10:33:00","modified_gmt":"2024-09-05T08:33:00","slug":"qui-som","status":"publish","type":"page","link":"https:\/\/restaurantbarquet.com\/es\/qui-som\/","title":{"rendered":"Qui\u00e9nes Somos"},"content":{"rendered":"<div id='full_slider_1'  class='avia-fullwidth-slider main_color avia-shadow   avia-builder-el-0  el_before_av_one_full  avia-builder-el-first   container_wrap sidebar_right'  ><div  class='avia-slideshow av-kah33gui-999f27ca48ffb0c5b31f9c43d8ab9665 avia-slideshow-no scaling av_slideshow_full avia-slide-slider av-slideshow-ui av-control-hidden av-no-slider-navigation av-hide-nav-arrows av-slideshow-manual av-loop-once av-loop-manual-endless av-default-height-applied  image_no_stretch avia-slideshow-1' data-slideshow-options=\"{&quot;animation&quot;:&quot;slide&quot;,&quot;autoplay&quot;:false,&quot;loop_autoplay&quot;:&quot;once&quot;,&quot;interval&quot;:5,&quot;loop_manual&quot;:&quot;manual-endless&quot;,&quot;autoplay_stopper&quot;:false,&quot;noNavigation&quot;:true,&quot;bg_slider&quot;:false,&quot;keep_padding&quot;:false,&quot;hoverpause&quot;:false,&quot;show_slide_delay&quot;:0}\"  itemprop=\"image\" itemscope=\"itemscope\" itemtype=\"https:\/\/schema.org\/ImageObject\" ><ul class='avia-slideshow-inner ' style='padding-bottom: 18.830675778284%;'><li  class='avia-slideshow-slide av-kah33gui-999f27ca48ffb0c5b31f9c43d8ab9665__0  av-single-slide slide-1 slide-odd'><div data-rel='slideshow-1' class='avia-slide-wrap '   ><img decoding=\"async\" fetchpriority=\"high\" class=\"wp-image-837 avia-img-lazy-loading-not-837\"  src=\"https:\/\/restaurantbarquet.com\/wp-content\/uploads\/2020\/05\/el-barquet-tarragona-.png\" width=\"1317\" height=\"248\" title='el barquet tarragona' alt=''  itemprop=\"thumbnailUrl\" srcset=\"https:\/\/restaurantbarquet.com\/wp-content\/uploads\/2020\/05\/el-barquet-tarragona-.png 1317w, https:\/\/restaurantbarquet.com\/wp-content\/uploads\/2020\/05\/el-barquet-tarragona--600x113.png 600w, https:\/\/restaurantbarquet.com\/wp-content\/uploads\/2020\/05\/el-barquet-tarragona--300x56.png 300w, https:\/\/restaurantbarquet.com\/wp-content\/uploads\/2020\/05\/el-barquet-tarragona--1030x194.png 1030w, https:\/\/restaurantbarquet.com\/wp-content\/uploads\/2020\/05\/el-barquet-tarragona--768x145.png 768w, https:\/\/restaurantbarquet.com\/wp-content\/uploads\/2020\/05\/el-barquet-tarragona--705x133.png 705w\" sizes=\"(max-width: 1317px) 100vw, 1317px\" \/><\/div><\/li><\/ul><\/div><\/div><div id='after_full_slider_1'  class='main_color av_default_container_wrap container_wrap sidebar_right'  ><div class='container av-section-cont-open' ><div class='template-page content  av-content-small alpha units'><div class='post-entry post-entry-type-page post-entry-854'><div class='entry-content-wrapper clearfix'>\n\n<style type=\"text\/css\" data-created_by=\"avia_inline_auto\" id=\"style-css-av-as5a3-a49328c12c4527c1cc612346020e3f7a\">\n.flex_column.av-as5a3-a49328c12c4527c1cc612346020e3f7a{\nborder-radius:0px 0px 0px 0px;\npadding:0px 0px 0px 0px;\n}\n<\/style>\n<div  class='flex_column av-as5a3-a49328c12c4527c1cc612346020e3f7a av_one_full  avia-builder-el-1  el_after_av_slideshow_full  el_before_av_section  avia-builder-el-no-sibling  first flex_column_div av-zero-column-padding  '     ><p>\n<style type=\"text\/css\" data-created_by=\"avia_inline_auto\" id=\"style-css-av-kawabo9k-593404b7718577a61b306eb657e3fe8c\">\n#top .av-special-heading.av-kawabo9k-593404b7718577a61b306eb657e3fe8c{\npadding-bottom:10px;\n}\nbody .av-special-heading.av-kawabo9k-593404b7718577a61b306eb657e3fe8c .av-special-heading-tag .heading-char{\nfont-size:25px;\n}\n.av-special-heading.av-kawabo9k-593404b7718577a61b306eb657e3fe8c .av-subheading{\nfont-size:15px;\n}\n<\/style>\n<div  class='av-special-heading av-kawabo9k-593404b7718577a61b306eb657e3fe8c av-special-heading-h2 blockquote modern-quote modern-centered  avia-builder-el-2  el_before_av_hr  avia-builder-el-first '><h2 class='av-special-heading-tag '  itemprop=\"headline\"  >Tradici\u00f3n de la cocina tarraconense<\/h2><div class=\"special-heading-border\"><div class=\"special-heading-inner-border\"><\/div><\/div><\/div><br \/>\n\n<style type=\"text\/css\" data-created_by=\"avia_inline_auto\" id=\"style-css-av-kabf6pjn-6dbf85e459fdfdbae12fba10a4120697\">\n#top .hr.av-kabf6pjn-6dbf85e459fdfdbae12fba10a4120697{\nmargin-top:5px;\nmargin-bottom:10px;\n}\n.hr.av-kabf6pjn-6dbf85e459fdfdbae12fba10a4120697 .hr-inner{\nwidth:80px;\nmax-width:45%;\n}\n.hr.av-kabf6pjn-6dbf85e459fdfdbae12fba10a4120697 .av-seperator-icon{\ncolor:#b297e9;\n}\n<\/style>\n<div  class='hr av-kabf6pjn-6dbf85e459fdfdbae12fba10a4120697 hr-custom  avia-builder-el-3  el_after_av_heading  el_before_av_textblock  hr-center hr-icon-yes'><span class='hr-inner inner-border-av-border-fat'><span class=\"hr-inner-style\"><\/span><\/span><span class='av-seperator-icon' aria-hidden='true' data-av_icon='\ue800' data-av_iconfont='fontello'><\/span><span class='hr-inner inner-border-av-border-fat'><span class=\"hr-inner-style\"><\/span><\/span><\/div><br \/>\n<section  class='av_textblock_section av-8lj17-8c6e17296ac4ceb2c14168dc1c20978a '   itemscope=\"itemscope\" itemtype=\"https:\/\/schema.org\/CreativeWork\" ><div class='avia_textblock'  itemprop=\"text\" ><p style=\"text-align: center;\">El local donde ahora estamos fue inaugurado hace m\u00e1s de 50 a\u00f1os por la\u00a0<em>abuela Angeleta<\/em>.<\/p>\n<p style=\"text-align: center;\">Nadie confiaba en que esa peque\u00f1a mujer llegada de un pueblecito de Lleida pudiera sacar adelante ese negocio en la ciudad de Tarragona.<\/p>\n<p style=\"text-align: center;\">Un pescador le dijo que ese negocio se ir\u00eda \u201ca pique \u201c\u2026 la abuela ya ten\u00eda el nombre,\u00a0<strong>BAR QUET<\/strong>. Antes hab\u00eda sido una carboner\u00eda y envasadora de sifones justo al lado de la f\u00e1brica de gas que ha dado nombre a la calle. La abuela estuvo al frente del bar donde serv\u00eda caf\u00e9s y copas adem\u00e1s de envasar sifones, gaseosas y naranjadas.<\/p>\n<p style=\"text-align: center;\">Cuando los padres se casaron se hicieron cargo del\u00a0<em>Bar Quet<\/em>,\u00a0<em>Carmen<\/em>\u00a0hija del Serrallo cocinaba y\u00a0<em>Jaume<\/em>\u00a0se encargaba de la barra. Durante esos a\u00f1os la actividad del local fue sufriendo cambios, convirti\u00e9ndose tambi\u00e9n en sede del Club Billar Tarragona y el Bingo del Club Gimn\u00e0stic de Tarragona.<\/p>\n<p style=\"text-align: center;\">Fue en 1992 cuando los dos nietos nos hicimos cargo del negocio familiar, poco tiempo m\u00e1s tarde la evoluci\u00f3n natural nos llev\u00f3 a convertir el\u00a0<em>Bar Quet<\/em>\u00a0en\u00a0<em>RESTAURANTE BARQUET<\/em>\u00a0y actualmente en\u00a0<strong>BARQUET TARRAGONA<\/strong>.<\/p>\n<p style=\"text-align: center;\">Ahora, en el 2017, hemos celebrado los 25 a\u00f1os de la Tercera Generaci\u00f3n de la Cocina Tradicional de Tarragona.<\/p>\n<\/div><\/section><\/p><\/div>\n<\/div><\/div><\/div><!-- close content main div --><\/div><\/div>\n<style type=\"text\/css\" data-created_by=\"avia_inline_auto\" id=\"style-css-av-kahzvnwi-730d3c6a9034446d64cf2b77cf3f1437\">\n.avia-section.av-kahzvnwi-730d3c6a9034446d64cf2b77cf3f1437{\nbackground-color:rgba(178,151,233,0.21);\nbackground-image:unset;\n}\n.avia-section.av-kahzvnwi-730d3c6a9034446d64cf2b77cf3f1437 .av-section-color-overlay{\nopacity:0.8;\nbackground-color:#ffffff;\n}\n<\/style>\n<div id='av_section_1'  class='avia-section av-kahzvnwi-730d3c6a9034446d64cf2b77cf3f1437 main_color avia-section-default avia-no-border-styling  avia-builder-el-5  el_after_av_one_full  el_before_av_one_full  avia-bg-style-scroll av-section-color-overlay-active container_wrap sidebar_right'  ><div class=\"av-section-color-overlay-wrap\"><div class=\"av-section-color-overlay\"><\/div><div class='container av-section-cont-open' ><div class='template-page content  av-content-small alpha units'><div class='post-entry post-entry-type-page post-entry-854'><div class='entry-content-wrapper clearfix'>\n\n<style type=\"text\/css\" data-created_by=\"avia_inline_auto\" id=\"style-css-av-xjpwr-f998dbebfdb6d060a56e10f791e6969a\">\n.flex_column.av-xjpwr-f998dbebfdb6d060a56e10f791e6969a{\nborder-radius:0px 0px 0px 0px;\npadding:0px 0px 0px 0px;\n}\n<\/style>\n<div  class='flex_column av-xjpwr-f998dbebfdb6d060a56e10f791e6969a av_one_half  avia-builder-el-6  el_before_av_one_half  avia-builder-el-first  first flex_column_div av-zero-column-padding  '     ><div  class='avia-testimonial-wrapper av-kacgecah-e19ccad81d45472c2239cb2a9bffe290 avia-grid-testimonials avia-grid-2-testimonials avia_animate_when_almost_visible' >\n<section class=\"avia-testimonial-row\"><div class='avia-testimonial av-gqg5q-4579a5f410c860398f6053c5892efcc3 avia-testimonial-row-1 avia-first-testimonial flex_column no_margin av_one_half'><div class='avia-testimonial_inner'  itemscope=\"itemscope\" itemtype=\"https:\/\/schema.org\/CreativeWork\" ><div class='avia-testimonial-image'  itemprop=\"image\" ><img loading=\"lazy\" decoding=\"async\" width=\"180\" height=\"180\" src=\"https:\/\/restaurantbarquet.com\/wp-content\/uploads\/2009\/11\/gal010mini.jpg\" class=\"attachment-square size-square\" alt=\"\" srcset=\"https:\/\/restaurantbarquet.com\/wp-content\/uploads\/2009\/11\/gal010mini.jpg 200w, https:\/\/restaurantbarquet.com\/wp-content\/uploads\/2009\/11\/gal010mini-100x100.jpg 100w, https:\/\/restaurantbarquet.com\/wp-content\/uploads\/2009\/11\/gal010mini-150x150.jpg 150w\" sizes=\"auto, (max-width: 180px) 100vw, 180px\" \/><\/div><div class='avia-testimonial-content '><div class='avia-testimonial-markup-entry-content'  itemprop=\"text\" ><h3>David Sol\u00e9 i Torn\u00e9<\/h3>\n<h5>Jefe de cocina<\/h5>\n<p>(Tarragona 1967)<\/p>\n<p style=\"text-align: justify;\">Despu\u00e9s de estudiar en la<em> Escuela de Restauraci\u00f3n y Hosteler\u00eda de Barcelona<\/em> dedic\u00f3 un tiempo a realizar diferentes <i>stages<\/i>profesionales en restaurantes y hoteles de todo el mundo, M\u00e9xico y Cuba entre otros. En 2007 obtiene el certificado profesional de <em>Somelier por la Universidad Rovira Virgili de Tarragona<\/em>. Ha escrito diez\u00a0libros, uno obtuvo un reconocimiento a nivel estatal y \u00a0\u201cEl T\u00e9 y la Cocina Mediterr\u00e1nea\u201d fue declarado como el mejor libro de t\u00e9 del mundo del a\u00f1o 2011. \u00a0Actualmente es colaborador habitual de Catalunya Radio y ha hecho diversos programas en la Televisi\u00f3n de Catalunya, en la Televisi\u00f3n Espa\u00f1ola y en Canal Cocina. Adem\u00e1s ha colaborado en otros medios de comunicaci\u00f3n de todo el mundo.<\/p>\n<\/div><\/div><div class=\"avia-testimonial-meta\"><div class=\"avia-testimonial-arrow-wrap\"><div class=\"avia-arrow\"><\/div><\/div><div class='avia-testimonial-meta-mini'  itemprop=\"author\" itemscope=\"itemscope\" itemtype=\"https:\/\/schema.org\/Person\" ><\/div><\/div><\/div><\/div>\n<\/section><\/div><\/div>\n<style type=\"text\/css\" data-created_by=\"avia_inline_auto\" id=\"style-css-av-t3fuj-3f8a6a0a7f8f2bb68e3350d9910aa575\">\n.flex_column.av-t3fuj-3f8a6a0a7f8f2bb68e3350d9910aa575{\nborder-radius:0px 0px 0px 0px;\npadding:0px 0px 0px 0px;\n}\n<\/style>\n<div  class='flex_column av-t3fuj-3f8a6a0a7f8f2bb68e3350d9910aa575 av_one_half  avia-builder-el-8  el_after_av_one_half  avia-builder-el-last  flex_column_div av-zero-column-padding  '     ><div  class='avia-testimonial-wrapper av-kacgecah-e19ccad81d45472c2239cb2a9bffe290 avia-grid-testimonials avia-grid-2-testimonials avia_animate_when_almost_visible' >\n<section class=\"avia-testimonial-row\"><div class='avia-testimonial av-b6lpq-67d837681bf6bd41f8160e161c305a38 avia-testimonial-row-1 avia-first-testimonial flex_column no_margin av_one_half'><div class='avia-testimonial_inner'  itemscope=\"itemscope\" itemtype=\"https:\/\/schema.org\/CreativeWork\" ><div class='avia-testimonial-image'  itemprop=\"image\" ><img loading=\"lazy\" decoding=\"async\" width=\"180\" height=\"180\" src=\"https:\/\/restaurantbarquet.com\/wp-content\/uploads\/2009\/11\/gal009mini.jpg\" class=\"attachment-square size-square\" alt=\"\" srcset=\"https:\/\/restaurantbarquet.com\/wp-content\/uploads\/2009\/11\/gal009mini.jpg 200w, https:\/\/restaurantbarquet.com\/wp-content\/uploads\/2009\/11\/gal009mini-100x100.jpg 100w, https:\/\/restaurantbarquet.com\/wp-content\/uploads\/2009\/11\/gal009mini-150x150.jpg 150w\" sizes=\"auto, (max-width: 180px) 100vw, 180px\" \/><\/div><div class='avia-testimonial-content '><div class='avia-testimonial-markup-entry-content'  itemprop=\"text\" ><h3><b>Fidel Sol\u00e9 i Torn\u00e9<\/b><\/h3>\n<h5>Jefe de sala<\/h5>\n<p>(Tarragona 1964)<\/p>\n<p style=\"text-align: justify;\">Estudi\u00f3 en la <em>Escuela de Arte y Dise\u00f1o de Tarragona<\/em>. Tras dedicarse durante unos a\u00f1os al dise\u00f1o industral, acept\u00f3 el reto de hacerse cargo de la sala del restaurante, modernizando el servicio y la atenci\u00f3n a los clientes, desde el primer momento tuvo claro que habia que tener una buena bodega i un trato especial con las personas que visitaran el local. Durante estos a\u00f1os a continuado con su vocaci\u00f3n de artista y algunos de sus cuadros se pueden ver colgados en las paredes del restaurante<\/p>\n<\/div><\/div><div class=\"avia-testimonial-meta\"><div class=\"avia-testimonial-arrow-wrap\"><div class=\"avia-arrow\"><\/div><\/div><div class='avia-testimonial-meta-mini'  itemprop=\"author\" itemscope=\"itemscope\" itemtype=\"https:\/\/schema.org\/Person\" ><\/div><\/div><\/div><\/div>\n<\/section><\/div><\/div>\n<\/div><\/div><\/div><!-- close content main div --><\/div><\/div><\/div><div id='after_section_1'  class='main_color av_default_container_wrap container_wrap sidebar_right'  ><div class='container av-section-cont-open' ><div class='template-page content  av-content-small alpha units'><div class='post-entry post-entry-type-page post-entry-854'><div class='entry-content-wrapper clearfix'>\n\n<style type=\"text\/css\" data-created_by=\"avia_inline_auto\" id=\"style-css-av-as5a3-a49328c12c4527c1cc612346020e3f7a\">\n.flex_column.av-as5a3-a49328c12c4527c1cc612346020e3f7a{\nborder-radius:0px 0px 0px 0px;\npadding:0px 0px 0px 0px;\n}\n<\/style>\n<div  class='flex_column av-as5a3-a49328c12c4527c1cc612346020e3f7a av_one_full  avia-builder-el-10  el_after_av_section  el_before_av_one_full  avia-builder-el-first  first flex_column_div av-zero-column-padding  '     ><\/div>\n\n<style type=\"text\/css\" data-created_by=\"avia_inline_auto\" id=\"style-css-av-as5a3-a49328c12c4527c1cc612346020e3f7a\">\n.flex_column.av-as5a3-a49328c12c4527c1cc612346020e3f7a{\nborder-radius:0px 0px 0px 0px;\npadding:0px 0px 0px 0px;\n}\n<\/style>\n<div  class='flex_column av-as5a3-a49328c12c4527c1cc612346020e3f7a av_one_full  avia-builder-el-12  el_after_av_one_full  el_before_av_two_third  first flex_column_div av-zero-column-padding  column-top-margin'     ><p>\n<style type=\"text\/css\" data-created_by=\"avia_inline_auto\" id=\"style-css-av-kaw9qbnb-e312853460fd1f43ab1f2f80b603ff14\">\n#top .av-special-heading.av-kaw9qbnb-e312853460fd1f43ab1f2f80b603ff14{\npadding-bottom:10px;\n}\nbody .av-special-heading.av-kaw9qbnb-e312853460fd1f43ab1f2f80b603ff14 .av-special-heading-tag .heading-char{\nfont-size:25px;\n}\n.av-special-heading.av-kaw9qbnb-e312853460fd1f43ab1f2f80b603ff14 .av-subheading{\nfont-size:15px;\n}\n<\/style>\n<div  class='av-special-heading av-kaw9qbnb-e312853460fd1f43ab1f2f80b603ff14 av-special-heading-h2 blockquote modern-quote modern-centered  avia-builder-el-13  el_before_av_hr  avia-builder-el-first '><h2 class='av-special-heading-tag '  itemprop=\"headline\"  >Contacta con nosotros<\/h2><div class=\"special-heading-border\"><div class=\"special-heading-inner-border\"><\/div><\/div><\/div><br \/>\n\n<style type=\"text\/css\" data-created_by=\"avia_inline_auto\" id=\"style-css-av-kabf6pjn-6dbf85e459fdfdbae12fba10a4120697\">\n#top .hr.av-kabf6pjn-6dbf85e459fdfdbae12fba10a4120697{\nmargin-top:5px;\nmargin-bottom:10px;\n}\n.hr.av-kabf6pjn-6dbf85e459fdfdbae12fba10a4120697 .hr-inner{\nwidth:80px;\nmax-width:45%;\n}\n.hr.av-kabf6pjn-6dbf85e459fdfdbae12fba10a4120697 .av-seperator-icon{\ncolor:#b297e9;\n}\n<\/style>\n<div  class='hr av-kabf6pjn-6dbf85e459fdfdbae12fba10a4120697 hr-custom  avia-builder-el-14  el_after_av_heading  el_before_av_textblock  hr-center hr-icon-yes'><span class='hr-inner inner-border-av-border-fat'><span class=\"hr-inner-style\"><\/span><\/span><span class='av-seperator-icon' aria-hidden='true' data-av_icon='\ue800' data-av_iconfont='fontello'><\/span><span class='hr-inner inner-border-av-border-fat'><span class=\"hr-inner-style\"><\/span><\/span><\/div><br \/>\n<section  class='av_textblock_section av-kacfq1j7-3a3925c8d7aca4070bc727b19d1010ca '   itemscope=\"itemscope\" itemtype=\"https:\/\/schema.org\/CreativeWork\" ><div class='avia_textblock'  itemprop=\"text\" ><\/div><\/section><\/p><\/div>\n<div class='flex_column_table av-1pbuj-75cc29f7f08546089819b5056cad5238 sc-av_two_third av-equal-height-column-flextable'>\n<style type=\"text\/css\" data-created_by=\"avia_inline_auto\" id=\"style-css-av-1pbuj-75cc29f7f08546089819b5056cad5238\">\n.flex_column.av-1pbuj-75cc29f7f08546089819b5056cad5238{\nborder-radius:0px 0px 0px 0px;\npadding:0px 0px 0px 0px;\n}\n<\/style>\n<div  class='flex_column av-1pbuj-75cc29f7f08546089819b5056cad5238 av_two_third  avia-builder-el-16  el_after_av_one_full  el_before_av_one_third  first flex_column_table_cell av-equal-height-column av-align-middle av-zero-column-padding  column-top-margin'     ><\/div>\n<div class='av-flex-placeholder'><\/div>\n<style type=\"text\/css\" data-created_by=\"avia_inline_auto\" id=\"style-css-av-9sivf-4c408e89db08fed916538c69e6bdb67d\">\n.flex_column.av-9sivf-4c408e89db08fed916538c69e6bdb67d{\nborder-radius:0px 0px 0px 0px;\npadding:0px 0px 0px 0px;\n}\n<\/style>\n<div  class='flex_column av-9sivf-4c408e89db08fed916538c69e6bdb67d av_one_third  avia-builder-el-18  el_after_av_two_third  avia-builder-el-last  flex_column_table_cell av-equal-height-column av-align-middle av-zero-column-padding  column-top-margin'     ><style type=\"text\/css\" data-created_by=\"avia_inline_auto\" id=\"style-css-av-kafg1rs3-4809b444b2ecb0cac0561ceb7909ed9d\">\n.iconbox.av-kafg1rs3-4809b444b2ecb0cac0561ceb7909ed9d .iconbox_icon{\ncolor:#a775ba;\n}\n#top #wrap_all .iconbox.av-kafg1rs3-4809b444b2ecb0cac0561ceb7909ed9d .iconbox_content_title{\ncolor:#000000;\n}\n<\/style>\n<article  class='iconbox iconbox_left av-kafg1rs3-4809b444b2ecb0cac0561ceb7909ed9d  avia-builder-el-19  avia-builder-el-no-sibling '  itemscope=\"itemscope\" itemtype=\"https:\/\/schema.org\/CreativeWork\" ><div class=\"iconbox_content\"><header class=\"entry-content-header\" aria-label=\"Icon: Barquet Tarragona\"><div class=\"iconbox_icon heading-color\" aria-hidden='true' data-av_icon='\ue800' data-av_iconfont='fontello'><\/div><h3 class='iconbox_content_title '  itemprop=\"headline\" >Barquet Tarragona<\/h3><\/header><div class='iconbox_content_container '  itemprop=\"text\" ><p style=\"text-align: left;\">\u00bfTe interesa hacer una reserva o quieres saber m\u00e1s sobre nuestro restaurante?<\/p>\n<p>\n<style type=\"text\/css\" data-created_by=\"avia_inline_auto\" id=\"style-css-av-huior-e07c05eb1275de34848307c047e04463\">\n.av_font_icon.av-huior-e07c05eb1275de34848307c047e04463{\ncolor:#b297e9;\nborder-color:#b297e9;\n}\n.av_font_icon.av-huior-e07c05eb1275de34848307c047e04463 .av-icon-char{\nfont-size:20px;\nline-height:20px;\n}\n<\/style>\n<span  class='av_font_icon av-huior-e07c05eb1275de34848307c047e04463 avia_animate_when_visible av-icon-style- avia-icon-pos-left avia-icon-animate'><span class='av-icon-char' aria-hidden='true' data-av_icon='\ue842' data-av_iconfont='entypo-fontello' ><\/span><\/span>\u00a0<strong>Direcci\u00f3n:<\/strong> <a href=\"https:\/\/www.google.com\/maps\/place\/Restaurant+Barquet\/@41.1134272,1.2496075,18.99z\/data=!4m5!3m4!1s0x0:0x8091d0cbc73da553!8m2!3d41.1136703!4d1.2497082\" target=\"_blank\" rel=\"noopener noreferrer\">C\/ Gas\u00f2metre 16, Tarragona (43001)<\/a><\/p>\n<p>\n<style type=\"text\/css\" data-created_by=\"avia_inline_auto\" id=\"style-css-av-ap60z-6f96592a3b2884d8201893cea42b7612\">\n.av_font_icon.av-ap60z-6f96592a3b2884d8201893cea42b7612{\ncolor:#b297e9;\nborder-color:#b297e9;\n}\n.av_font_icon.av-ap60z-6f96592a3b2884d8201893cea42b7612 .av-icon-char{\nfont-size:20px;\nline-height:20px;\n}\n<\/style>\n<span  class='av_font_icon av-ap60z-6f96592a3b2884d8201893cea42b7612 avia_animate_when_visible av-icon-style- avia-icon-pos-left avia-icon-animate'><span class='av-icon-char' aria-hidden='true' data-av_icon='\ue854' data-av_iconfont='entypo-fontello' ><\/span><\/span> <strong>Tel\u00e9fono:<\/strong> 977 240 023<\/p>\n<p>\n<style type=\"text\/css\" data-created_by=\"avia_inline_auto\" id=\"style-css-av-7m197-b71bfb7a2183c287862fdceb9eed93e3\">\n.av_font_icon.av-7m197-b71bfb7a2183c287862fdceb9eed93e3{\ncolor:#b297e9;\nborder-color:#b297e9;\n}\n.av_font_icon.av-7m197-b71bfb7a2183c287862fdceb9eed93e3 .av-icon-char{\nfont-size:20px;\nline-height:20px;\n}\n<\/style>\n<span  class='av_font_icon av-7m197-b71bfb7a2183c287862fdceb9eed93e3 avia_animate_when_visible av-icon-style- avia-icon-pos-left avia-icon-animate'><span class='av-icon-char' aria-hidden='true' data-av_icon='\ue805' data-av_iconfont='entypo-fontello' ><\/span><\/span><strong>Correo electr\u00f3nico:<\/strong> <a href=\"mailto:barquet@tinet.cat\" target=\"_blank\" rel=\"noopener noreferrer\">barquet@tinet.cat<\/a><\/p>\n<p>\n<style type=\"text\/css\" data-created_by=\"avia_inline_auto\" id=\"style-css-av-fgfxd-d09ae6793ff974a4dc9afead83db9f0a\">\n.av_font_icon.av-fgfxd-d09ae6793ff974a4dc9afead83db9f0a{\ncolor:#b297e9;\nborder-color:#b297e9;\n}\n.av_font_icon.av-fgfxd-d09ae6793ff974a4dc9afead83db9f0a .av-icon-char{\nfont-size:20px;\nline-height:20px;\n}\n<\/style>\n<span  class='av_font_icon av-fgfxd-d09ae6793ff974a4dc9afead83db9f0a avia_animate_when_visible av-icon-style- avia-icon-pos-left avia-icon-animate'><a href='https:\/\/www.instagram.com\/barquet_tarragona\/'   class='av-icon-char' aria-hidden='false' data-av_icon='\uf16d' data-av_iconfont='entypo-fontello' ><\/a><\/span> <strong>Instagram:<\/strong> <a href=\"https:\/\/www.instagram.com\/barquet_tarragona\/\" target=\"_blank\" rel=\"noopener noreferrer\">@barquet_tarragona<\/a><\/p>\n<p>\n<style type=\"text\/css\" data-created_by=\"avia_inline_auto\" id=\"style-css-av-7w689-7de89874f65d0f13fbe2bbe61f90bf2a\">\n.av_font_icon.av-7w689-7de89874f65d0f13fbe2bbe61f90bf2a{\ncolor:#b297e9;\nborder-color:#b297e9;\n}\n.av_font_icon.av-7w689-7de89874f65d0f13fbe2bbe61f90bf2a .av-icon-char{\nfont-size:20px;\nline-height:20px;\n}\n<\/style>\n<span  class='av_font_icon av-7w689-7de89874f65d0f13fbe2bbe61f90bf2a avia_animate_when_visible av-icon-style- avia-icon-pos-left avia-icon-animate'><a href='https:\/\/es-es.facebook.com\/barquet.tarragona'   class='av-icon-char' aria-hidden='false' data-av_icon='\ue8f3' data-av_iconfont='entypo-fontello' ><\/a><\/span> <strong>Facebook:<\/strong> <a href=\"https:\/\/es-es.facebook.com\/barquet.tarragona\" target=\"_blank\" rel=\"noopener noreferrer\">@barquet.tarragona<\/a><\/p>\n<p>Ambientaci\u00f3n moderna industrial y n\u00e1utica. Capacidad para 100pax. Comedor privado. Local adaptado<\/p>\n<\/div><\/div><footer class=\"entry-footer\"><\/footer><\/article><\/div><\/div><!--close column table wrapper. Autoclose: 1 -->\n","protected":false},"excerpt":{"rendered":"","protected":false},"author":3,"featured_media":794,"parent":0,"menu_order":0,"comment_status":"closed","ping_status":"closed","template":"","meta":{"footnotes":""},"class_list":["post-854","page","type-page","status-publish","has-post-thumbnail","hentry"],"yoast_head":"<!-- This site is optimized with the Yoast SEO plugin v27.1.1 - https:\/\/yoast.com\/product\/yoast-seo-wordpress\/ -->\n<title>Qui\u00e9nes Somos - Barquet Tarragona<\/title>\n<meta name=\"robots\" content=\"index, follow, max-snippet:-1, max-image-preview:large, max-video-preview:-1\" \/>\n<link rel=\"canonical\" href=\"https:\/\/restaurantbarquet.com\/es\/qui-som\/\" \/>\n<meta property=\"og:locale\" content=\"es_ES\" \/>\n<meta property=\"og:type\" content=\"article\" \/>\n<meta property=\"og:title\" content=\"Qui\u00e9nes Somos - Barquet Tarragona\" \/>\n<meta property=\"og:url\" content=\"https:\/\/restaurantbarquet.com\/es\/qui-som\/\" \/>\n<meta property=\"og:site_name\" content=\"Barquet Tarragona\" \/>\n<meta property=\"article:publisher\" content=\"https:\/\/www.facebook.com\/barquet.tarragona\" \/>\n<meta property=\"article:modified_time\" content=\"2024-09-05T08:33:00+00:00\" \/>\n<meta property=\"og:image\" content=\"https:\/\/restaurantbarquet.com\/wp-content\/uploads\/2020\/05\/logotip-barquet-tarragona.png\" \/>\n\t<meta property=\"og:image:width\" content=\"400\" \/>\n\t<meta property=\"og:image:height\" content=\"400\" \/>\n\t<meta property=\"og:image:type\" content=\"image\/png\" \/>\n<meta name=\"twitter:card\" content=\"summary_large_image\" \/>\n<meta name=\"twitter:label1\" content=\"Tiempo de lectura\" \/>\n\t<meta name=\"twitter:data1\" content=\"4 minutos\" \/>\n<script type=\"application\/ld+json\" class=\"yoast-schema-graph\">{\"@context\":\"https:\/\/schema.org\",\"@graph\":[{\"@type\":\"WebPage\",\"@id\":\"https:\/\/restaurantbarquet.com\/es\/qui-som\/\",\"url\":\"https:\/\/restaurantbarquet.com\/es\/qui-som\/\",\"name\":\"Qui\u00e9nes Somos - Barquet Tarragona\",\"isPartOf\":{\"@id\":\"https:\/\/restaurantbarquet.com\/#website\"},\"primaryImageOfPage\":{\"@id\":\"https:\/\/restaurantbarquet.com\/es\/qui-som\/#primaryimage\"},\"image\":{\"@id\":\"https:\/\/restaurantbarquet.com\/es\/qui-som\/#primaryimage\"},\"thumbnailUrl\":\"https:\/\/restaurantbarquet.com\/wp-content\/uploads\/2020\/05\/logotip-barquet-tarragona.png\",\"datePublished\":\"2020-06-01T09:22:54+00:00\",\"dateModified\":\"2024-09-05T08:33:00+00:00\",\"breadcrumb\":{\"@id\":\"https:\/\/restaurantbarquet.com\/es\/qui-som\/#breadcrumb\"},\"inLanguage\":\"es\",\"potentialAction\":[{\"@type\":\"ReadAction\",\"target\":[\"https:\/\/restaurantbarquet.com\/es\/qui-som\/\"]}]},{\"@type\":\"ImageObject\",\"inLanguage\":\"es\",\"@id\":\"https:\/\/restaurantbarquet.com\/es\/qui-som\/#primaryimage\",\"url\":\"https:\/\/restaurantbarquet.com\/wp-content\/uploads\/2020\/05\/logotip-barquet-tarragona.png\",\"contentUrl\":\"https:\/\/restaurantbarquet.com\/wp-content\/uploads\/2020\/05\/logotip-barquet-tarragona.png\",\"width\":400,\"height\":400},{\"@type\":\"BreadcrumbList\",\"@id\":\"https:\/\/restaurantbarquet.com\/es\/qui-som\/#breadcrumb\",\"itemListElement\":[{\"@type\":\"ListItem\",\"position\":1,\"name\":\"Inici\",\"item\":\"https:\/\/restaurantbarquet.com\/es\/\"},{\"@type\":\"ListItem\",\"position\":2,\"name\":\"Qui\u00e9nes Somos\"}]},{\"@type\":\"WebSite\",\"@id\":\"https:\/\/restaurantbarquet.com\/#website\",\"url\":\"https:\/\/restaurantbarquet.com\/\",\"name\":\"Barquet Tarragona\",\"description\":\"Cuina tradicional de Tarragona\",\"potentialAction\":[{\"@type\":\"SearchAction\",\"target\":{\"@type\":\"EntryPoint\",\"urlTemplate\":\"https:\/\/restaurantbarquet.com\/?s={search_term_string}\"},\"query-input\":{\"@type\":\"PropertyValueSpecification\",\"valueRequired\":true,\"valueName\":\"search_term_string\"}}],\"inLanguage\":\"es\"}]}<\/script>\n<!-- \/ Yoast SEO plugin. -->","yoast_head_json":{"title":"Qui\u00e9nes Somos - Barquet Tarragona","robots":{"index":"index","follow":"follow","max-snippet":"max-snippet:-1","max-image-preview":"max-image-preview:large","max-video-preview":"max-video-preview:-1"},"canonical":"https:\/\/restaurantbarquet.com\/es\/qui-som\/","og_locale":"es_ES","og_type":"article","og_title":"Qui\u00e9nes Somos - Barquet Tarragona","og_url":"https:\/\/restaurantbarquet.com\/es\/qui-som\/","og_site_name":"Barquet Tarragona","article_publisher":"https:\/\/www.facebook.com\/barquet.tarragona","article_modified_time":"2024-09-05T08:33:00+00:00","og_image":[{"width":400,"height":400,"url":"https:\/\/restaurantbarquet.com\/wp-content\/uploads\/2020\/05\/logotip-barquet-tarragona.png","type":"image\/png"}],"twitter_card":"summary_large_image","twitter_misc":{"Tiempo de lectura":"4 minutos"},"schema":{"@context":"https:\/\/schema.org","@graph":[{"@type":"WebPage","@id":"https:\/\/restaurantbarquet.com\/es\/qui-som\/","url":"https:\/\/restaurantbarquet.com\/es\/qui-som\/","name":"Qui\u00e9nes Somos - Barquet Tarragona","isPartOf":{"@id":"https:\/\/restaurantbarquet.com\/#website"},"primaryImageOfPage":{"@id":"https:\/\/restaurantbarquet.com\/es\/qui-som\/#primaryimage"},"image":{"@id":"https:\/\/restaurantbarquet.com\/es\/qui-som\/#primaryimage"},"thumbnailUrl":"https:\/\/restaurantbarquet.com\/wp-content\/uploads\/2020\/05\/logotip-barquet-tarragona.png","datePublished":"2020-06-01T09:22:54+00:00","dateModified":"2024-09-05T08:33:00+00:00","breadcrumb":{"@id":"https:\/\/restaurantbarquet.com\/es\/qui-som\/#breadcrumb"},"inLanguage":"es","potentialAction":[{"@type":"ReadAction","target":["https:\/\/restaurantbarquet.com\/es\/qui-som\/"]}]},{"@type":"ImageObject","inLanguage":"es","@id":"https:\/\/restaurantbarquet.com\/es\/qui-som\/#primaryimage","url":"https:\/\/restaurantbarquet.com\/wp-content\/uploads\/2020\/05\/logotip-barquet-tarragona.png","contentUrl":"https:\/\/restaurantbarquet.com\/wp-content\/uploads\/2020\/05\/logotip-barquet-tarragona.png","width":400,"height":400},{"@type":"BreadcrumbList","@id":"https:\/\/restaurantbarquet.com\/es\/qui-som\/#breadcrumb","itemListElement":[{"@type":"ListItem","position":1,"name":"Inici","item":"https:\/\/restaurantbarquet.com\/es\/"},{"@type":"ListItem","position":2,"name":"Qui\u00e9nes Somos"}]},{"@type":"WebSite","@id":"https:\/\/restaurantbarquet.com\/#website","url":"https:\/\/restaurantbarquet.com\/","name":"Barquet Tarragona","description":"Cuina tradicional de Tarragona","potentialAction":[{"@type":"SearchAction","target":{"@type":"EntryPoint","urlTemplate":"https:\/\/restaurantbarquet.com\/?s={search_term_string}"},"query-input":{"@type":"PropertyValueSpecification","valueRequired":true,"valueName":"search_term_string"}}],"inLanguage":"es"}]}},"jetpack_sharing_enabled":true,"_links":{"self":[{"href":"https:\/\/restaurantbarquet.com\/es\/wp-json\/wp\/v2\/pages\/854","targetHints":{"allow":["GET"]}}],"collection":[{"href":"https:\/\/restaurantbarquet.com\/es\/wp-json\/wp\/v2\/pages"}],"about":[{"href":"https:\/\/restaurantbarquet.com\/es\/wp-json\/wp\/v2\/types\/page"}],"author":[{"embeddable":true,"href":"https:\/\/restaurantbarquet.com\/es\/wp-json\/wp\/v2\/users\/3"}],"replies":[{"embeddable":true,"href":"https:\/\/restaurantbarquet.com\/es\/wp-json\/wp\/v2\/comments?post=854"}],"version-history":[{"count":9,"href":"https:\/\/restaurantbarquet.com\/es\/wp-json\/wp\/v2\/pages\/854\/revisions"}],"predecessor-version":[{"id":1578,"href":"https:\/\/restaurantbarquet.com\/es\/wp-json\/wp\/v2\/pages\/854\/revisions\/1578"}],"wp:featuredmedia":[{"embeddable":true,"href":"https:\/\/restaurantbarquet.com\/es\/wp-json\/wp\/v2\/media\/794"}],"wp:attachment":[{"href":"https:\/\/restaurantbarquet.com\/es\/wp-json\/wp\/v2\/media?parent=854"}],"curies":[{"name":"wp","href":"https:\/\/api.w.org\/{rel}","templated":true}]}}